{"id":2752,"date":"2022-11-02T10:42:31","date_gmt":"2022-11-02T09:42:31","guid":{"rendered":"https:\/\/turismo.segorbe.es\/historia\/"},"modified":"2023-09-17T11:05:24","modified_gmt":"2023-09-17T10:05:24","slug":"historia","status":"publish","type":"page","link":"https:\/\/turismo.segorbe.es\/fr\/patrimonio\/historia\/","title":{"rendered":"Histoire"},"content":{"rendered":"","protected":false},"excerpt":{"rendered":"","protected":false},"author":1,"featured_media":0,"parent":2760,"menu_order":0,"comment_status":"closed","ping_status":"closed","template":"","meta":{"_acf_changed":false,"footnotes":""},"class_list":["post-2752","page","type-page","status-publish","hentry"],"acf":{"contenido":[{"acf_fc_layout":"estructura_historia","imagen_historia":2250,"texto_arriba_historia":"Le Cerro de Sope\u00f1a fut le centre du pouvoir de l\u2019Alto Palancia pendant plus de 1\u00a0000 ans, seulement habit\u00e9 par des rois et des nobles, entour\u00e9 de murs \u00e9pais, de tours de surveillance et d\u2019hommes arm\u00e9s pour sa d\u00e9fense. Son aspect actuel, ne rappelle en rien \u00e0 l\u2019image id\u00e9alis\u00e9e qui nous est parvenue \u00e0 travers le retable du ma\u00eetre-autel de la Cath\u00e9drale.\r\n\r\n&nbsp;\r\n\r\nAux c\u00f4t\u00e9s des restes de la derni\u00e8re reconstruction, d\u00e9j\u00e0 au XIX<sup>\u00e8me <\/sup>si\u00e8cle, en pleines guerres carlines, s\u2019\u00e9l\u00e8vent sur son sommet, des nombreux pins, d\u2019un certain \u00e2ge, servant seulement \u00e0 faire de l\u2019ombre sur une promenade merveilleuse qui le parcourt, et qui en fait \u00e0 nouveau en l\u2019endroit le plus exceptionnel de Segorbe, mais avec une diff\u00e9rence notoire par rapport \u00e0 d\u2019autres \u00e9poques\u00a0: cette fois il n\u2019y a plus de rois ni de nobles en proie \u00e0 leur destin, mais des citoyens \u00e0 pied cherchant la caresse du vent au printemps, l\u2019ombre qui sourit toujours en \u00e9t\u00e9, le son que le pas lent produit sur les feuilles de l\u2019automne, ou bien encore de la solitude du silence des hivers.\r\n\r\n&nbsp;\r\n\r\nLes trouvailles arch\u00e9ologiques les plus anciennes permettent de dater les premi\u00e8res implantations humaines du Cerro de Sope\u00f1a \u00e0 1\u00a0500 avant J.-C. bien qu\u2019il n\u2019y ait pas de r\u00e9f\u00e9rences \u00e9crites concernant cette occupation avant le VIII<sup>\u00e8me <\/sup>si\u00e8cle, d\u00e9j\u00e0 \u00e0 ce moment sous domination arabe, et l\u2019on suppose qu\u2019auparavant \u00e9tant donn\u00e9 leur situation strat\u00e9gique, les Ib\u00e8res, Romains et Wisigoths \u00e9taient charg\u00e9s de prot\u00e9ger cette enclave. La domination arabe a transform\u00e9 compl\u00e8tement la ville, la disposition de ses rues \u00e9troites et sinueuses \u00e0 l\u2019int\u00e9rieur de la muraille, ayant perdur\u00e9 jusqu\u2019\u00e0 nos jours.\r\n\r\n&nbsp;\r\n\r\nAu XI<sup>\u00e8me <\/sup>si\u00e8cle, Segorbe appara\u00eet comme une authentique ville muraill\u00e9e, demeurant au pouvoir des musulmans jusqu\u2019\u00e0 la deuxi\u00e8me moiti\u00e9 du XIII<sup>\u00e8me <\/sup>si\u00e8cle.\r\n\r\n&nbsp;\r\n\r\nJaime I l\u2019incorpore \u00e0 la couronne d\u2019Aragon en 1245 apr\u00e8s un pacte avec \u00ab\u00a0Sayyid\u00a0\u00bb Ab\u00fa Zaid, ancien roi maure de Valence exil\u00e9 par son opposant Zayyan, pacte par lequel Ab\u00fa Zaid conserverait Segorbe en \u00e9change de sa fid\u00e9lit\u00e9 \u00e0 la couronne.\r\n\r\n&nbsp;\r\n\r\nSegorbe, d\u00e9j\u00e0 sous l\u2019ordre chr\u00e9tien, est devenue la r\u00e9sidence du roi d\u2019Aragon Mart\u00edn el Humano, mari\u00e9 avec Mar\u00eda de Luna, dame de Segorbe. Au XV<sup>\u00e8me <\/sup>si\u00e8cle, Segorbe devient un Duch\u00e9, son premier Duc \u00e9tant l\u2019infant M. Enrique d\u2019Aragon et Pimentel, qui passera \u00e0 l\u2019histoire sous le nom de \u00ab\u00a0Infante Fortuna\u00a0\u00bb\u00a0. Au XVI<sup>\u00e8me <\/sup>si\u00e8cle, Alfonso d\u2019Aragon et Sicile, deuxi\u00e8me Duc de Segorbe, ordonne la construction du palais ducal sur la place de l\u2019Agua Limpia, y transf\u00e9rant, sa r\u00e9sidence et abandonnant le ch\u00e2teau pour toujours.\r\n\r\n&nbsp;\r\n\r\nC\u2019est \u00e0 partir de l\u00e0 que le ch\u00e2teau sera d\u00e9mantel\u00e9 pour utiliser les pierres de ses murs pour diverses constructions\u00a0: Cath\u00e9drale, Ancien H\u00f4pital, etc. et ce sera le XVIII<sup>\u00e8me <\/sup>si\u00e8cle le dernier si\u00e8cle \u00e0 pouvoir contempler les restes de sa splendeur. Pendant les guerres carlines un fort a \u00e9t\u00e9 construit dont les restes sont encore conserv\u00e9s.\r\n\r\n&nbsp;","texto_abajo_historia":"","video_historia":"https:\/\/www.youtube.com\/watch?v=LNBHbuBCS9Y"}]},"_links":{"self":[{"href":"https:\/\/turismo.segorbe.es\/fr\/wp-json\/wp\/v2\/pages\/2752","targetHints":{"allow":["GET"]}}],"collection":[{"href":"https:\/\/turismo.segorbe.es\/fr\/wp-json\/wp\/v2\/pages"}],"about":[{"href":"https:\/\/turismo.segorbe.es\/fr\/wp-json\/wp\/v2\/types\/page"}],"author":[{"embeddable":true,"href":"https:\/\/turismo.segorbe.es\/fr\/wp-json\/wp\/v2\/users\/1"}],"replies":[{"embeddable":true,"href":"https:\/\/turismo.segorbe.es\/fr\/wp-json\/wp\/v2\/comments?post=2752"}],"version-history":[{"count":0,"href":"https:\/\/turismo.segorbe.es\/fr\/wp-json\/wp\/v2\/pages\/2752\/revisions"}],"up":[{"embeddable":true,"href":"https:\/\/turismo.segorbe.es\/fr\/wp-json\/wp\/v2\/pages\/2760"}],"wp:attachment":[{"href":"https:\/\/turismo.segorbe.es\/fr\/wp-json\/wp\/v2\/media?parent=2752"}],"curies":[{"name":"wp","href":"https:\/\/api.w.org\/{rel}","templated":true}]}}