{"id":2446,"date":"2023-01-11T16:06:26","date_gmt":"2023-01-11T15:06:26","guid":{"rendered":"https:\/\/turismo.segorbe.es\/entrada-de-toros-y-caballos\/"},"modified":"2026-04-23T12:00:53","modified_gmt":"2026-04-23T11:00:53","slug":"entrada-de-toros-y-caballos","status":"publish","type":"page","link":"https:\/\/turismo.segorbe.es\/fr\/fiestas-y-ocio\/fiestas\/entrada-de-toros-y-caballos\/","title":{"rendered":"Entr\u00e9e de Taureaux et Chevaux"},"content":{"rendered":"","protected":false},"excerpt":{"rendered":"","protected":false},"author":1,"featured_media":0,"parent":2485,"menu_order":0,"comment_status":"closed","ping_status":"closed","template":"","meta":{"_acf_changed":false,"footnotes":""},"class_list":["post-2446","page","type-page","status-publish","hentry"],"acf":{"contenido":[{"acf_fc_layout":"titulo","titulo_pequeno":true,"fondo":""},{"acf_fc_layout":"galeria","full":true,"imagenes":[2369,2373,2376,2381,2384,2388,2447],"fondo":""},{"acf_fc_layout":"texto","diseno":"peq","texto":"La f\u00eate de l\u2019entr\u00e9e des taureaux et des chevaux remonte au XIVe si\u00e8cle. Elle a lieu la deuxi\u00e8me semaine de septembre, du lundi au dimanche, tous les jours \u00e0 deux heures pr\u00e9cises.\r\n\r\nC\u2019est une course tr\u00e8s rapide, dure un peu plus d\u2019une minute o\u00f9 il y a un respect absolu pour les animaux. Participent six taureaux et environ une douzaine de chevaux guid\u00e9s par des cavaliers experts qui conduisent le troupeau le long de la rue principale de la ville, la rue Col\u00f3n, bond\u00e9e de gens attendant de voir passer le troupeau.\r\n\r\nSans barri\u00e8res dans les rues adjacentes, c\u2019est le public, qui remplit la rue, qui ouvre et ferme le passage \u00e0 la meute en produisant un spectacle magique et unique au monde, pour une raison\u00a0: l\u2019entr\u00e9e de Segorbe aux taureaux et chevaux, a \u00e9t\u00e9 d\u00e9clar\u00e9e F\u00eate d\u2019int\u00e9r\u00eat touristique international en d\u00e9cembre\u00a02005 et en f\u00e9vrier\u00a02011 Bien d\u2019int\u00e9r\u00eat culturel.","fondo":""},{"acf_fc_layout":"ruta","titulo":"Vivez l\u2019entr\u00e9e 365 jours","texto":"Il conna\u00eet le parcours des diff\u00e9rents passages qui forment l\u2019entr\u00e9e de Taureaux et Chevaux \u00e0 travers des totems explicatifs au pied de la rue pour conna\u00eetre l\u2019endroit o\u00f9 il passe et savoir ce qui se passe \u00e0 chaque instant. Nous recommandons d\u2019installer sur le mobile un lecteur de code QR pour interpr\u00e9ter plus compl\u00e8tement chaque explication.","ancho_completo":false,"rutas":[{"titulo":"1er arr\u00eat. Mont\u00e9e par le Rial\u00e9","texto":"Nous commen\u00e7ons la route sur la place de l\u2019Ange, o\u00f9 au d\u00e9but du mur se trouve le premier panneau explicatif.\r\n\r\n\u00ab\u00a0L\u2019ascension du b\u00e9tail par le chemin de la Rial\u00e9 est une sorte de pr\u00e9lude \u00e0 l' \u00ab\u00a0Entr\u00e9e\u00a0\u00bb. Cette ascension est silencieusement observ\u00e9e par des centaines de personnes stationn\u00e9es sur les c\u00f4t\u00e9s du chemin, bien que dans cette mont\u00e9e le troupeau ne soit encercl\u00e9 par aucun cavalier."},{"titulo":"2e arr\u00eat. La R\u00e9union","texto":"Apr\u00e8s les pas de la meute qui parcourait toute la muraille, nous sommes arriv\u00e9s au deuxi\u00e8me panneau situ\u00e9 sur la place des Mesones.\r\n\r\n\u00ab\u00a0\u00c0 deux heures pile, avec le bruit de la coque, commence l' \u00ab\u00a0Entr\u00e9e\u00a0\u00bb dans la rue du Arg\u00e9n. C\u2019est sur la Place des Messones que les cavaliers et les chevaux ramassent habilement et avec audace les taureaux dans un d\u00e9cor connu sous le nom de \u00ab\u00a0la r\u00e9union\u00a0\u00bb, pour ensuite commencer la course en parfaite harmonie.\""},{"titulo":"3e arr\u00eat. La Carrera","texto":"En continuant par la rue Col\u00f3n vers le bas et en contemplant les diff\u00e9rents b\u00e2timents qui la composent, nous trouvons le troisi\u00e8me panneau situ\u00e9 dans la rue principale o\u00f9 se tient la c\u00e9l\u00e8bre course.\r\n\r\n\u00ab\u00a0La foule et populaire \u00ab\u00a0Entr\u00e9e de Taureaux et Chevaux\u00a0\u00bb de Segorbe s\u2019\u00e9tend sur un parcours d\u2019environ 500 m\u00e8tres. et dure environ une minute. Il parcourt principalement la rue Col\u00f3n, occup\u00e9e par une grande masse de public qui s\u2019ouvre et se ferme au passage intr\u00e9pide des taureaux et des cavaliers, formant couloir et barri\u00e8re en m\u00eame temps\u00a0\u00bb."},{"titulo":"4e arr\u00eat. Monument de l\u2019entr\u00e9e des taureaux et chevaux","texto":"Un peu plus loin, nous trouvons le monument de l\u2019entr\u00e9e des taureaux et des chevaux, \u00e9rig\u00e9 sur la place Obispo Ahedo, \u0153uvre du prestigieux sculpteur Manuel Rodr\u00edguez V\u00e1zquez en 1981.\r\n\r\nDes dates plus importantes entourent l\u2019entr\u00e9e de Toros y Caballos, puisqu\u2019en 2005 elle a \u00e9t\u00e9 d\u00e9clar\u00e9e f\u00eate d\u2019int\u00e9r\u00eat touristique international."},{"titulo":"5e arr\u00eat. \"D\u00e9fil\u00e9 des cavaliers.\"","texto":"\u00c0 la fin de la rue Col\u00f3n, nous pouvons d\u00e9j\u00e0 voir la place o\u00f9 se termine l\u2019entr\u00e9e et o\u00f9 ils montent une place particuli\u00e8re pour les taureaux. \u00c0 la fin de l\u2019entr\u00e9e des taureaux et des chevaux, les bovins sont gard\u00e9s dans le corral \u00ab\u00a0toril\u00a0\u00bb et ensuite a lieu le d\u00e9fil\u00e9 des cavaliers.\r\n\r\n\u00ab\u00a0Le public de la rue, et celui qui a vu l'\u00ab\u00a0Entr\u00e9e\u00a0\u00bb depuis les diff\u00e9rents balcons et miradors, ne part pas et attend avec joie le d\u00e9fil\u00e9 rythm\u00e9 des cavaliers, maintenant rue Col\u00f3n en haut, pour r\u00e9compenser par leurs applaudissements la perfection de l'\u00ab\u00a0Entr\u00e9e\u00a0\u00bb, l\u2019admirable art de conduire les troupeaux, sa bravoure et son courage\u00a0\u00bb."},{"titulo":"6e arr\u00eat. Centre d\u2019interpr\u00e9tation de l\u2019entr\u00e9e des taureaux et des chevaux.","texto":"Pour comprendre et vivre la f\u00eate presque \u00e0 la premi\u00e8re personne, il est obligatoire de visiter le centre d\u2019interpr\u00e9tation de la m\u00eame f\u00eate. Situ\u00e9e dans le m\u00eame b\u00e2timent que l\u2019office du tourisme. Ouverte du lundi au vendredi de 9h \u00e0 14h et de 16h \u00e0 18h. Samedi de 10h \u00e0 14h et de 16h \u00e0 18h. Dimanche et jours f\u00e9ri\u00e9s de 10h \u00e0 14h. (Du 15\u00a0juin au 15\u00a0septembre apr\u00e8s-midi de 17h \u00e0 19h.)\r\n\r\nSi votre visite \u00e0 Segorbe co\u00efncide avec la c\u00e9l\u00e9bration de l\u2019entr\u00e9e des taureaux et des chevaux (semaine du 9\u00a0septembre), vous pourrez contempler apr\u00e8s tout ce parcours la v\u00e9ritable sensation de voir un spectacle unique au monde.\r\n\r\nDe n\u2019importe quel point de la rue Col\u00f3n, vous pourrez contempler la course. Si vous pr\u00e9f\u00e9rez, il y a des tribunes publiques disponibles pour un prix modique, ou depuis la place m\u00eame o\u00f9 vous pourrez voir comment les taureaux entrent et ensuite l\u2019exposition du b\u00e9tail gratuitement."}]},{"acf_fc_layout":"imagen","diseno":"peq","imagen":2392},{"acf_fc_layout":"curiosidades","titulo":"Curiosit\u00e9s","curiosidades":[{"frase":"La premi\u00e8re r\u00e9f\u00e9rence \u00e9crite sur l\u2019entr\u00e9e de Taureaux et chevaux de Segorbe date de 1386, sans aucune r\u00e9f\u00e9rence \u00e0 son commencement cette ann\u00e9e-l\u00e0 ni \u00e0 son anciennet\u00e9."},{"frase":"La plus ancienne photographie conserv\u00e9e de l\u2019entr\u00e9e de Toros y Caballos date de 1894."},{"frase":"La longueur du parcours de l\u2019entr\u00e9e des taureaux est de 450,20 m\u00e8tres depuis la tour du Verdugo, lieu o\u00f9 sortent les taureaux, jusqu\u2019\u00e0 la place de la grotte sainte, o\u00f9 se termine cet \u00e9v\u00e9nement.\r\n"},{"frase":"Il n\u2019y a pas de barri\u00e8res le long du parcours.\r\n"},{"frase":".\r\n"},{"frase":"Les cavaliers sont appel\u00e9s \u00ab\u00a0cavaliers\u00a0\u00bb.\r\n"},{"frase":"Il existe une association de cavali\u00e8res, qui entrent au tirage au sort pour savoir quel jour l\u2019entr\u00e9e a lieu.\r\n"},{"frase":"L\u2019Entr\u00e9e est form\u00e9e de six taureaux courageux, d\u2019un chevalet \u00ab\u00a0doux\u00a0\u00bb et de douze cavaliers.\r\n"},{"frase":"C\u2019est une tradition qui se transmet de p\u00e8re en fils, ils se retrouvent parfois pour courir l\u2019entr\u00e9e.\r\n"},{"frase":"Tout au long du parcours, il y a beaucoup de personnes qui assistent au spectacle ; un chiffre exact n\u2019est pas connu, car le nombre de personnes varie selon le jour de la semaine. Mais au fil des ans, on a estim\u00e9 qu\u2019il y avait entre 150\u00a0000 et 200\u00a0000 personnes par semaine.\r\n"},{"frase":"La d\u00e9claration comme f\u00eate d\u2019int\u00e9r\u00eat touristique a eu lieu en 1985. 20 ans plus tard, en d\u00e9cembre\u00a02005, la F\u00eate d\u2019int\u00e9r\u00eat touristique international, organis\u00e9e par le Secr\u00e9tariat g\u00e9n\u00e9ral du tourisme, est un spectacle unique dans son genre en Espagne.\r\n"},{"frase":"Les \u00e9l\u00e9ments traditionnels en ce qui concerne les accessoires d\u00e9coratifs sont le b\u00e2ton et le foulard rouge.\r\n"},{"frase":"La mairie de Segorbe c\u00e9l\u00e8bre chaque ann\u00e9e des activit\u00e9s li\u00e9es \u00e0 l\u2019entr\u00e9e des taureaux et des chevaux, telles que le concours d\u2019affiches publicitaires de la f\u00eate, le concours de photographie taurine.\r\n"}]},{"acf_fc_layout":"imagen_con_texto","imagen":2395,"direccion":"derecha","texto":"<strong>Centre d\u2019interpr\u00e9tation de l\u2019entr\u00e9e des taureaux et des chevaux<\/strong>\r\n\r\nUne exp\u00e9rience unique\u00a0: un espace o\u00f9 d\u00e9couvrir et \u00ab\u00a0vivre\u00a0\u00bb ce spectacle imposant, d\u00e9clar\u00e9 F\u00eate d\u2019Int\u00e9r\u00eat Touristique International.","enlace":{"title":"Centre d\u2019Interpr\u00e9tation de l\u2019Entr\u00e9e des Taureaux et des Chevaux","url":"https:\/\/turismo.segorbe.es\/fr\/experiencias\/centro-de-interpretacion-de-la-entrada-de-toros-y-caballos\/","target":""},"seccion_ancha":true,"fondo":"#eae7dd","iconos":""},{"acf_fc_layout":"espacio","alto":"100px","alto_movil":"100px","fondo":""},{"acf_fc_layout":"descargas","titulo_izquierda":"","descargas":[{"enlace":""},{"enlace":{"title":"Folleto Entrada de Toros y Caballos","url":"https:\/\/turismo.segorbe.es\/wp-content\/uploads\/2023\/01\/GUIA-ENTRADA-DE-TOROS-Y-CABALLOS.pdf","target":""}},{"enlace":{"title":"Programaci\u00f3n 2025","url":"https:\/\/acesse.one\/SQnlf","target":"_blank"}}],"titulo_derecha":"","videos":[{"enlace":{"title":"V\u00eddeo 1","url":"https:\/\/www.youtube.com\/watch?v=8Z-wFlcvuxM","target":"_blank"}}]}]},"_links":{"self":[{"href":"https:\/\/turismo.segorbe.es\/fr\/wp-json\/wp\/v2\/pages\/2446","targetHints":{"allow":["GET"]}}],"collection":[{"href":"https:\/\/turismo.segorbe.es\/fr\/wp-json\/wp\/v2\/pages"}],"about":[{"href":"https:\/\/turismo.segorbe.es\/fr\/wp-json\/wp\/v2\/types\/page"}],"author":[{"embeddable":true,"href":"https:\/\/turismo.segorbe.es\/fr\/wp-json\/wp\/v2\/users\/1"}],"replies":[{"embeddable":true,"href":"https:\/\/turismo.segorbe.es\/fr\/wp-json\/wp\/v2\/comments?post=2446"}],"version-history":[{"count":0,"href":"https:\/\/turismo.segorbe.es\/fr\/wp-json\/wp\/v2\/pages\/2446\/revisions"}],"up":[{"embeddable":true,"href":"https:\/\/turismo.segorbe.es\/fr\/wp-json\/wp\/v2\/pages\/2485"}],"wp:attachment":[{"href":"https:\/\/turismo.segorbe.es\/fr\/wp-json\/wp\/v2\/media?parent=2446"}],"curies":[{"name":"wp","href":"https:\/\/api.w.org\/{rel}","templated":true}]}}