{"id":1784,"date":"2023-01-25T17:32:00","date_gmt":"2023-01-25T16:32:00","guid":{"rendered":"https:\/\/turismo.segorbe.es\/museo-catedralicio\/"},"modified":"2025-12-15T11:39:09","modified_gmt":"2025-12-15T10:39:09","slug":"museo-catedralicio","status":"publish","type":"page","link":"https:\/\/turismo.segorbe.es\/fr\/patrimonio\/museos-y-centros-de-interpretacion\/museo-catedralicio\/","title":{"rendered":"Mus\u00e9e de la Cath\u00e9drale"},"content":{"rendered":"","protected":false},"excerpt":{"rendered":"","protected":false},"author":1,"featured_media":0,"parent":2735,"menu_order":1,"comment_status":"closed","ping_status":"closed","template":"","meta":{"_acf_changed":false,"footnotes":""},"class_list":["post-1784","page","type-page","status-publish","hentry"],"acf":{"contenido":[{"acf_fc_layout":"titulo","titulo_pequeno":true,"fondo":""},{"acf_fc_layout":"galeria","full":true,"imagenes":[1785,2985,2988,2991,2994,2997,3000],"fondo":""},{"acf_fc_layout":"informacion_con_texto","informacion":"&nbsp;\r\n<pre class=\"tw-data-text tw-text-large tw-ta\" dir=\"ltr\" data-placeholder=\"Traducci\u00f3\"><span class=\"Y2IQFc\" lang=\"fr\"><strong>Adresse:<\/strong>\r\nC\/Santa Maria, 12.\r\n\r\n<strong>Calendrier:<\/strong>\r\nDu mardi au samedi de 11h00 \u00e0 13h00. ***Ferm\u00e9 du 25 d\u00e9cembre au 6 janvier***<\/span><\/pre>\r\n<pre id=\"tw-target-text\" class=\"tw-data-text tw-text-large tw-ta\" dir=\"ltr\" data-placeholder=\"Traducci\u00f3\" data-ved=\"2ahUKEwjQx8-fraWDAxVQSfEDHR6BA4QQ3ewLegQIDhAQ\"><\/pre>\r\n<pre id=\"tw-target-text\" class=\"tw-data-text tw-text-large tw-ta\" dir=\"ltr\" data-placeholder=\"Traducci\u00f3\"><span class=\"Y2IQFc\" lang=\"fr\"><strong>Prix:<\/strong> Tarif g\u00e9n\u00e9ral : 7 \u20ac. Plus de 65 ans : 6 \u20ac. Groupes : 3,50 \u20ac. Consultez d'autres tarifs.<\/span><\/pre>\r\n<pre id=\"tw-target-text\" class=\"tw-data-text tw-text-large tw-ta\" dir=\"ltr\" data-placeholder=\"Traducci\u00f3\"><span class=\"Y2IQFc\" lang=\"fr\"><strong>T\u00e9l.<\/strong>\r\n964 71 10 14.<\/span><\/pre>","enlace":"","enlace_2":"","enlace_3":"","direccion":"izquierda","texto":"Le Mus\u00e9e de la Cath\u00e9drale est consid\u00e9r\u00e9 comme l\u2019un des plus importants en art sacr\u00e9 de la Communaut\u00e9 Valencienne, et nous pouvons y trouver une splendide collection de peintures, sculptures et pi\u00e8ces d\u2019orf\u00e8vrerie, ainsi que ses remarquables retables gothiques.\r\n\r\n<strong>\u00a0<\/strong>\r\n\r\nLe mus\u00e9e est compos\u00e9 des \u0153uvres de la cath\u00e9drale, de son clo\u00eetre et de ses chapelles.\r\n\r\n&nbsp;\r\n\r\nIl faut remarquer particuli\u00e8rement un bijou de l\u2019art le plus exquis, le \u00ab\u00a0Madonna con ni\u00f1o\u00a0\u00bb, fait en marbre de Carrara par le ma\u00eetre italien Donatello et quelques \u00e9mailleries limousines du XVI<sup>\u00e8me <\/sup>si\u00e8cle.\r\n\r\n&nbsp;\r\n\r\nLe secteur le plus important est celui de la peinture principalement religieuse. La \u00ab\u00a0Galer\u00eda de Primitivos\u00a0\u00bb (Galerie de Primitifs) est d\u2019une importance exceptionnelle, elle correspond \u00e0 la peinture gothique, avec les planches et retables tels que ceux de San Lucas, La Visitaci\u00f3n, Santa Clara et Santa Eulalia et celui de la Santa Cena, \u0153uvres de Jacomart, Reixach, Mart\u00edn Torner, Pere Serra, Rodrigo de Osona le jeune, etc. La galerie \u00ab\u00a0Vicente Macip\u00a0\u00bb (p\u00e8re de Juan de Juanes) est aussi tr\u00e8s importante, avec le grand retable majeur de la cath\u00e9drale, r\u00e9alis\u00e9 entre 1525 et 1531, consid\u00e9r\u00e9e comme une \u0153uvre cl\u00e9 de la peinture de la renaissance espagnole, qui fut d\u00e9mont\u00e9 en 1791, et qui peut actuellement \u00eatre contempl\u00e9 remont\u00e9 dans la Capilla del Salvador (Chapelle du Sauveur)."}]},"_links":{"self":[{"href":"https:\/\/turismo.segorbe.es\/fr\/wp-json\/wp\/v2\/pages\/1784","targetHints":{"allow":["GET"]}}],"collection":[{"href":"https:\/\/turismo.segorbe.es\/fr\/wp-json\/wp\/v2\/pages"}],"about":[{"href":"https:\/\/turismo.segorbe.es\/fr\/wp-json\/wp\/v2\/types\/page"}],"author":[{"embeddable":true,"href":"https:\/\/turismo.segorbe.es\/fr\/wp-json\/wp\/v2\/users\/1"}],"replies":[{"embeddable":true,"href":"https:\/\/turismo.segorbe.es\/fr\/wp-json\/wp\/v2\/comments?post=1784"}],"version-history":[{"count":0,"href":"https:\/\/turismo.segorbe.es\/fr\/wp-json\/wp\/v2\/pages\/1784\/revisions"}],"up":[{"embeddable":true,"href":"https:\/\/turismo.segorbe.es\/fr\/wp-json\/wp\/v2\/pages\/2735"}],"wp:attachment":[{"href":"https:\/\/turismo.segorbe.es\/fr\/wp-json\/wp\/v2\/media?parent=1784"}],"curies":[{"name":"wp","href":"https:\/\/api.w.org\/{rel}","templated":true}]}}