{"id":1756,"date":"2023-01-25T17:42:33","date_gmt":"2023-01-25T16:42:33","guid":{"rendered":"https:\/\/turismo.segorbe.es\/centro-de-interpretacion-personajes-ilustres-segorbinos-in-memoriam\/"},"modified":"2026-06-09T10:38:31","modified_gmt":"2026-06-09T09:38:31","slug":"centro-de-interpretacion-personajes-ilustres-segorbinos-in-memoriam","status":"publish","type":"page","link":"https:\/\/turismo.segorbe.es\/fr\/patrimonio\/museos-y-centros-de-interpretacion\/centro-de-interpretacion-personajes-ilustres-segorbinos-in-memoriam\/","title":{"rendered":"Centro de Interpretaci\u00f3n Personajes Ilustres Segorbinos, In Memoriam"},"content":{"rendered":"","protected":false},"excerpt":{"rendered":"","protected":false},"author":1,"featured_media":0,"parent":2735,"menu_order":1,"comment_status":"closed","ping_status":"closed","template":"","meta":{"_acf_changed":false,"footnotes":""},"class_list":["post-1756","page","type-page","status-publish","hentry"],"acf":{"contenido":[{"acf_fc_layout":"titulo","titulo_pequeno":true,"fondo":""},{"acf_fc_layout":"galeria","full":true,"imagenes":[1757,3084,3087,3090],"fondo":""},{"acf_fc_layout":"informacion_con_texto","informacion":"<strong>T\u00e9l\u00e9phone<\/strong>\r\n964 71 32 54\r\n\r\n<strong>Adresse<\/strong>\r\nCalle San Ant\u00f3n, 11, 1er \u00e9tage (Palais de San Ant\u00f3n)\r\n\r\n<strong>Calendrier<\/strong>\r\nDu mardi au dimanche de 11h00 \u00e0 14h00. Vendredi et samedi de 16h \u00e0 18h.\r\n\r\n(du 1er juin au 31 ao\u00fbt du mardi au dimanche de 11h \u00e0 14h. Vendredi et samedi apr\u00e8s-midi de 17h \u00e0 19h.)\r\n\r\n<strong>Prix<\/strong>\r\nAdultes 2 \u20ac, seniors et groupes 1 \u20ac, enfants jusqu'\u00e0 12 ans gratuit.","enlace":"","enlace_2":"","enlace_3":"","direccion":"izquierda","texto":"Mus\u00e9e interactif et dynamique cr\u00e9\u00e9 pour conna\u00eetre la vie des personnes n\u00e9es \u00e0 Segorbe qui se sont distingu\u00e9es dans les domaines de l'art, de la politique ou de la science. Les personnages notables sont :\r\n\r\nMar\u00eda de Luna \u2013 Dame de Segorbe, reine d'Aragon.\r\nFrancesch Vicent \u2013 \u200b\u200b\u200b\u200bjoueur d'\u00e9checs, a \u00e9crit le premier trait\u00e9 d'\u00e9checs moderne.\r\nJos\u00e9 Camar\u00f3n Bonanat \u2013 Peintre, dessinateur et graveur.\r\nJulio Cervera y Baviera \u2013 Ing\u00e9nieur, militaire et homme politique. Inventeur de la radio.\r\nCarlos Pau Espa\u00f1ol \u2013 Botaniste, pharmacien et maire."}]},"_links":{"self":[{"href":"https:\/\/turismo.segorbe.es\/fr\/wp-json\/wp\/v2\/pages\/1756","targetHints":{"allow":["GET"]}}],"collection":[{"href":"https:\/\/turismo.segorbe.es\/fr\/wp-json\/wp\/v2\/pages"}],"about":[{"href":"https:\/\/turismo.segorbe.es\/fr\/wp-json\/wp\/v2\/types\/page"}],"author":[{"embeddable":true,"href":"https:\/\/turismo.segorbe.es\/fr\/wp-json\/wp\/v2\/users\/1"}],"replies":[{"embeddable":true,"href":"https:\/\/turismo.segorbe.es\/fr\/wp-json\/wp\/v2\/comments?post=1756"}],"version-history":[{"count":0,"href":"https:\/\/turismo.segorbe.es\/fr\/wp-json\/wp\/v2\/pages\/1756\/revisions"}],"up":[{"embeddable":true,"href":"https:\/\/turismo.segorbe.es\/fr\/wp-json\/wp\/v2\/pages\/2735"}],"wp:attachment":[{"href":"https:\/\/turismo.segorbe.es\/fr\/wp-json\/wp\/v2\/media?parent=1756"}],"curies":[{"name":"wp","href":"https:\/\/api.w.org\/{rel}","templated":true}]}}