{"id":1749,"date":"2023-01-25T17:44:02","date_gmt":"2023-01-25T16:44:02","guid":{"rendered":"https:\/\/turismo.segorbe.es\/exposicion-de-gigantes-y-cabezudos\/"},"modified":"2023-01-25T17:44:02","modified_gmt":"2023-01-25T16:44:02","slug":"exposicion-de-gigantes-y-cabezudos","status":"publish","type":"page","link":"https:\/\/turismo.segorbe.es\/fr\/patrimonio\/museos-y-centros-de-interpretacion\/exposicion-de-gigantes-y-cabezudos\/","title":{"rendered":"Exposici\u00f3n de Gigantes y Cabezudos"},"content":{"rendered":"","protected":false},"excerpt":{"rendered":"","protected":false},"author":1,"featured_media":0,"parent":2735,"menu_order":1,"comment_status":"closed","ping_status":"closed","template":"","meta":{"_acf_changed":false,"footnotes":""},"class_list":["post-1749","page","type-page","status-publish","hentry"],"acf":{"contenido":[{"acf_fc_layout":"titulo","titulo_pequeno":true,"fondo":""},{"acf_fc_layout":"galeria","full":false,"imagenes":[1750,3359],"fondo":""},{"acf_fc_layout":"informacion_con_texto","informacion":"<strong>Direcci\u00f3n<\/strong>\r\nPrimera planta edificio de la oficina de turismo y el Centro de Interpretaci\u00f3n de la Entrada de Toros y Caballos.\r\n\r\n<strong>Horario<\/strong>\r\nDe lunes a viernes de 9 a 14 y de 16 a 18h. S\u00e1bados de 10 a 14h. y de 16 a 18h. Domingo y festivo de 10 a 14h.\r\n\r\n<strong>Precio<\/strong>\r\nEntrada gratuita.","enlace":null,"enlace_2":[""],"enlace_3":[""],"direccion":"izquierda","texto":"<h4><strong>Los gigantes y cabezudos, un s\u00edmbolo en las fiestas segorbinas.<\/strong><\/h4>\r\nLos\u00a0<strong>gigantes y cabezudos<\/strong>\u00a0son una tradici\u00f3n\u00a0popular\u00a0 celebrada en muchas fiestas locales. En Segorbe estas grandes figuras hacen un preludio de las fiestas m\u00e1s importantes de la ciudad. Dichas figuras desfilan a finales de agosto cuando empiezan las fiestas patronales y en la celebraci\u00f3n del Corpus Christi de la ciudad.\r\n\r\nLa tradici\u00f3n consiste en hacer desfilar las figuras y hacerles bailar en las plazas principales de la poblaci\u00f3n, los cabezudos persiguiendo a la gente que acude a la celebraci\u00f3n, normalmente a los ni\u00f1os que los esperan con nerviosismo y curiosidad.\r\n\r\nLos gigantes son figuras de varios metros de altura portados por una sola persona, este hace girar y bailar el gigante al son de canciones de la banda de m\u00fasica de la ciudad.\r\n\r\nLas figuras est\u00e1n realizadas en cart\u00f3n-piedra , con un armaz\u00f3n de madera que se cubre con amplios ropajes. Los \u00abgigantes\u00bb tienen una altura desproporcionada, creando un efecto de nobleza, figuras que representan normalmente arquetipos populares o figuras hist\u00f3ricas de relevancia local. Mientras que en los \u00abcabezudos\u00bb, de menor altura, se destaca la proporci\u00f3n de la cabeza, dando un efecto m\u00e1s c\u00f3mico o mitol\u00f3gico.\r\n\r\nEn Segorbe, han habido tres generaciones de colosos, hasta ahora conocidas, siempre han representado las razas del mundo: la africana, la asi\u00e1tica y la europea (cauc\u00e1sica), compuestas por tres parejas, y \u00e9stas, a su vez, formadas por una figura masculina y otra femenina, figuras popularmente conocidas en nuestra ciudad como:\r\n\r\nRaza africana:\u00a0El moro y la mora\r\nRaza asi\u00e1tica:\u00a0El chino y la china\r\nRaza europea (cauc\u00e1sica):\u00a0El rey y la reina\r\n\r\n<strong>Primera Generaci\u00f3n<\/strong>\r\n\r\nLa primera generaci\u00f3n de Gigantes de la cual tenemos constancia, est\u00e1 datada antes de la Guerra Civil espa\u00f1ola, no se puede fechar con exactitud, ya que se carece de archivos escritos que atestiguan datos sobre esta generaci\u00f3n.\r\n\r\nAl igual que desconocemos datos sustanciales sobre su origen, tambi\u00e9n desconocemos datos sobre su desaparici\u00f3n. Pero podemos adoptar la idea de que esta generaci\u00f3n de Gigantes ser\u00eda destruida durante el conflicto b\u00e9lico civil que tantos estragos caus\u00f3 en nuestra regi\u00f3n en julio de 1938, ya que n\u00fameros bombardeos devastaron edificios de nuestra localidad. Podemos pensar que las figuras no correr\u00edan mejor suerte.\r\nAun con la supuesta brevedad de su existencia, marcaron una tradici\u00f3n que, como veremos, seguir\u00eda siendo respetada y admirada por las futuras generaciones de segorbinos y segorbinas.\r\n\r\n<strong>Segunda Generaci\u00f3n.<\/strong>\r\nEn el a\u00f1o 1941, un grupo de artistas segorbinos, plasm\u00f3 la idea que desde hac\u00eda mucho tiempo rondaba por su cabeza: Recuperar la tradici\u00f3n de los Gigantes.\r\nEste grupo de artesanos, a buen seguro, recordar\u00eda con nostalgia las enormes figuras que antes de la Guerra Civil desfilaban por la calles de Segorbe y realizaban los actos en los cuales participaban. Por ello, los artistas Ricardo y Francisco Mart\u00edn, Jacinto Garc\u00e9s y Jos\u00e9 Lino, decididos, emprendieron la construcci\u00f3n de las enormes efigies con humildes materiales: tela, cart\u00f3n y madera, y vali\u00e9ndose de sus expertas e incansables manos. dieron forma al cart\u00f3n, y durante la festividad del Corpus Christi del a\u00f1o 1941, las nuevas figuras fueron presentadas, ante el asombro y admiraci\u00f3n de los ciudadanos, teniendo lugar su primer pasacalle en tan se\u00f1alada fecha del Calendario Lit\u00fargico Cristiano. Festividad en la que tradicionalmente, en toda Espa\u00f1a, los Gigantes y Cabezudos acompa\u00f1an en Procesi\u00f3n a la Sagrada Forma portada por el Se\u00f1or Obispo.\r\n\r\nDurante casi seis d\u00e9cadas, estos colosos realizaron diferentes actos de las Fiestas de Segorbe (pasacalles el fin de Semana del Corpus, la inauguraci\u00f3n de la T\u00f3mbola, estuvieron presentes en el escenario en una presentaci\u00f3n de la Reina de la Fiestas), y participaron en acontecimientos se\u00f1alados y encuentros de toda la geograf\u00eda espa\u00f1ola.\r\n\r\nEsta generaci\u00f3n de Gigantes perdur\u00f3 en el tiempo hasta el a\u00f1o 2000. A\u00f1o en que Ayuntamiento decide retirar dichas figuras, debido a su avanzado estado de deterioro. Cabe destacar que los materiales con que fueron construidos, son bastante sensibles al vaiv\u00e9n del paso de los a\u00f1os (viajes, transportes, arreglos\u2026).\r\n\r\n<strong>Restauraci\u00f3n antiguos gigantes y cabezudos.<\/strong>\r\n\r\nLos antiguos Gigantes y Cabezudos de Segorbe fueron restaurados el verano del a\u00f1o 2016 por un grupo de tres personas: Pilar I. Devesa, Amparo Garnes, y Asunci\u00f3n G\u00f3mez Jes\u00fas Zaf\u00f3n, Jos\u00e9 Luis Garnes y Sebasti\u00e1n Garnes, quienes repararon \u00edntegramente las cabezas de los mismos, las cuales se encontraban deterioradas. Para ello, diversas asociaciones segorbinas cedieron sus locales de manera voluntaria para las labores, que duraron aproximadamente dos meses.\r\n\r\nEstos ejemplares puedes verlos en las calles de Segorbe en las fechas se\u00f1aladas o en la exposici\u00f3n de los antiguos Gigantes y Cabezudos de la ciudad, situada en el mismo edificio que la oficina de turismo.\r\n\r\n(Informaci\u00f3n cedida por Sebasti\u00e1n Garnes y Jes\u00fas Zaf\u00f3n).\r\n\r\nSi quieres saber m\u00e1s sobre la restauraci\u00f3n de la segunda generaci\u00f3n de gigantes y cabezudos sigue el siguiente enlace:\u00a0<a href=\"https:\/\/drive.google.com\/file\/d\/1kqEeZXyHWArb_dSshraPsCVqc2b1NkCi\/view?usp=sharing\">Restauraci\u00f3n gigantes y cabezudos Segorbe.<\/a>"}]},"_links":{"self":[{"href":"https:\/\/turismo.segorbe.es\/fr\/wp-json\/wp\/v2\/pages\/1749","targetHints":{"allow":["GET"]}}],"collection":[{"href":"https:\/\/turismo.segorbe.es\/fr\/wp-json\/wp\/v2\/pages"}],"about":[{"href":"https:\/\/turismo.segorbe.es\/fr\/wp-json\/wp\/v2\/types\/page"}],"author":[{"embeddable":true,"href":"https:\/\/turismo.segorbe.es\/fr\/wp-json\/wp\/v2\/users\/1"}],"replies":[{"embeddable":true,"href":"https:\/\/turismo.segorbe.es\/fr\/wp-json\/wp\/v2\/comments?post=1749"}],"version-history":[{"count":0,"href":"https:\/\/turismo.segorbe.es\/fr\/wp-json\/wp\/v2\/pages\/1749\/revisions"}],"up":[{"embeddable":true,"href":"https:\/\/turismo.segorbe.es\/fr\/wp-json\/wp\/v2\/pages\/2735"}],"wp:attachment":[{"href":"https:\/\/turismo.segorbe.es\/fr\/wp-json\/wp\/v2\/media?parent=1749"}],"curies":[{"name":"wp","href":"https:\/\/api.w.org\/{rel}","templated":true}]}}