{"id":1765,"date":"2023-01-25T17:40:44","date_gmt":"2023-01-25T16:40:44","guid":{"rendered":"https:\/\/turismo.segorbe.es\/centro-de-interpretacion-torres-de-segorbe\/"},"modified":"2026-06-09T10:34:37","modified_gmt":"2026-06-09T09:34:37","slug":"centro-de-interpretacion-torres-de-segorbe","status":"publish","type":"page","link":"https:\/\/turismo.segorbe.es\/de\/patrimonio\/museos-y-centros-de-interpretacion\/centro-de-interpretacion-torres-de-segorbe\/","title":{"rendered":"Dokumentationszentrum der T\u00fcrme von Segorbe"},"content":{"rendered":"","protected":false},"excerpt":{"rendered":"","protected":false},"author":1,"featured_media":0,"parent":2737,"menu_order":1,"comment_status":"closed","ping_status":"closed","template":"","meta":{"_acf_changed":false,"footnotes":""},"class_list":["post-1765","page","type-page","status-publish","hentry"],"acf":{"contenido":[{"acf_fc_layout":"titulo","titulo_pequeno":true,"fondo":""},{"acf_fc_layout":"galeria","full":true,"imagenes":[1766,3073,3076,3079,3082],"fondo":""},{"acf_fc_layout":"informacion_con_texto","informacion":"<strong>Telefon<\/strong>\r\n964 71 32 54\r\n\r\n<strong>Adresse<\/strong>\r\nCalle la Torre, Zugang durch den Gef\u00e4ngnisturm.\r\n\r\n<strong>Zeitplan<\/strong>\r\nDienstag bis Sonntag von 11:00 bis 14:00 Uhr Freitag und Samstag von 16 bis 18 Uhr.\r\n\r\n(vom 1. Juni bis zum 31. August Dienstag bis Sonntag 11. bis 14. August Freitag und Samstag, 17:19 Uhr.)\r\n\r\n<strong>Preis<\/strong>\r\nErwachsene 2 \u20ac, Senioren und Gruppen 1 \u20ac, Kinder bis 12 Jahre frei.","enlace":"","enlace_2":"","enlace_3":"","direccion":"izquierda","texto":"Das Dokumentationszentrum der T\u00fcrme von Segorbe nimmt die Fl\u00e4che von zwei seiner bedeutendsten Verteidigungselementen ein, den Gef\u00e4ngnisturm, der zur Verteidigung des Tors von Teruel dient, und den Henkersturm, beide im 14. Jahrhundert erbaut. In diesem Rahmen wird dem Besucher der Wechsel zwischen den ersten Siedlungen bis hin zur eindrucksvollen mittelalterlichen Stadt, beschrieben und das Zusammenleben zwischen Moslems und Christen dargestellt. In den n\u00fcchternen S\u00e4len der T\u00fcrme lernen wir einige Pers\u00f6nlichkeiten, wie z.B. \u201dSayyid\u201c Ab\u00fa Zaid, Mar\u00eda de Luna oder der Infant des Gl\u00fcckes.\r\n\r\n&nbsp;\r\n\r\nVon der privilegierten Aussichtsterrasse des Gef\u00e4ngnisturmes kann man das historische Erbe und die Natur um Segorbe bewundern.\r\n\r\n&nbsp;\r\n\r\nEin H\u00e4ftling klagt sein ungerechtes Schicksal in einer der Kerker.\r\n\r\n&nbsp;\r\n\r\nEin Abschnitt des Wehrganges der Mauer verbindet den Gef\u00e4ngnisturm mit dem Henkersturm, wo wir versteckte Einzelheiten der mittelalterlichen Architektur entdecken werden.\r\n\r\n&nbsp;"},{"acf_fc_layout":"video","video":"https:\/\/www.youtube.com\/watch?v=DQ6xAgMvQ_g"}]},"_links":{"self":[{"href":"https:\/\/turismo.segorbe.es\/de\/wp-json\/wp\/v2\/pages\/1765","targetHints":{"allow":["GET"]}}],"collection":[{"href":"https:\/\/turismo.segorbe.es\/de\/wp-json\/wp\/v2\/pages"}],"about":[{"href":"https:\/\/turismo.segorbe.es\/de\/wp-json\/wp\/v2\/types\/page"}],"author":[{"embeddable":true,"href":"https:\/\/turismo.segorbe.es\/de\/wp-json\/wp\/v2\/users\/1"}],"replies":[{"embeddable":true,"href":"https:\/\/turismo.segorbe.es\/de\/wp-json\/wp\/v2\/comments?post=1765"}],"version-history":[{"count":0,"href":"https:\/\/turismo.segorbe.es\/de\/wp-json\/wp\/v2\/pages\/1765\/revisions"}],"up":[{"embeddable":true,"href":"https:\/\/turismo.segorbe.es\/de\/wp-json\/wp\/v2\/pages\/2737"}],"wp:attachment":[{"href":"https:\/\/turismo.segorbe.es\/de\/wp-json\/wp\/v2\/media?parent=1765"}],"curies":[{"name":"wp","href":"https:\/\/api.w.org\/{rel}","templated":true}]}}