{"id":1809,"date":"2023-01-25T17:21:00","date_gmt":"2023-01-25T16:21:00","guid":{"rendered":"https:\/\/turismo.segorbe.es\/arco-de-la-veronica\/"},"modified":"2023-09-16T12:26:18","modified_gmt":"2023-09-16T11:26:18","slug":"arco-de-la-veronica","status":"publish","type":"page","link":"https:\/\/turismo.segorbe.es\/ca\/patrimonio\/monumentos\/arco-de-la-veronica\/","title":{"rendered":"Arc de la Ver\u00f2nica"},"content":{"rendered":"","protected":false},"excerpt":{"rendered":"","protected":false},"author":1,"featured_media":0,"parent":2746,"menu_order":1,"comment_status":"closed","ping_status":"closed","template":"","meta":{"_acf_changed":false,"footnotes":""},"class_list":["post-1809","page","type-page","status-publish","hentry"],"acf":{"contenido":[{"acf_fc_layout":"titulo","titulo_pequeno":true,"fondo":""},{"acf_fc_layout":"galeria","full":true,"imagenes":[1810,2936,2939,2942],"fondo":""},{"acf_fc_layout":"texto","diseno":"peq","texto":"La seua denominaci\u00f3 obeeix al fet que per la seua part interior conserva la imatge de la Santa Fa\u00e7. D\u2019acurades encara que de redu\u00efdes proporcions, es compon d\u2019un arc de mig punt amb dovelles extraordin\u00e0riament allargades, pr\u00f2pies de les construccions musulmanes, encara que de la seua \u00e8poca de realitzaci\u00f3 hi ha diverg\u00e8ncia entre els historiadors que li atribueixen origen rom\u00e0, en uns casos, i medieval, en d\u2019altres.","fondo":""}]},"_links":{"self":[{"href":"https:\/\/turismo.segorbe.es\/ca\/wp-json\/wp\/v2\/pages\/1809","targetHints":{"allow":["GET"]}}],"collection":[{"href":"https:\/\/turismo.segorbe.es\/ca\/wp-json\/wp\/v2\/pages"}],"about":[{"href":"https:\/\/turismo.segorbe.es\/ca\/wp-json\/wp\/v2\/types\/page"}],"author":[{"embeddable":true,"href":"https:\/\/turismo.segorbe.es\/ca\/wp-json\/wp\/v2\/users\/1"}],"replies":[{"embeddable":true,"href":"https:\/\/turismo.segorbe.es\/ca\/wp-json\/wp\/v2\/comments?post=1809"}],"version-history":[{"count":0,"href":"https:\/\/turismo.segorbe.es\/ca\/wp-json\/wp\/v2\/pages\/1809\/revisions"}],"up":[{"embeddable":true,"href":"https:\/\/turismo.segorbe.es\/ca\/wp-json\/wp\/v2\/pages\/2746"}],"wp:attachment":[{"href":"https:\/\/turismo.segorbe.es\/ca\/wp-json\/wp\/v2\/media?parent=1809"}],"curies":[{"name":"wp","href":"https:\/\/api.w.org\/{rel}","templated":true}]}}