{"id":1802,"date":"2023-01-25T17:22:28","date_gmt":"2023-01-25T16:22:28","guid":{"rendered":"https:\/\/turismo.segorbe.es\/fuerte-de-la-estrella\/"},"modified":"2026-04-23T08:42:20","modified_gmt":"2026-04-23T07:42:20","slug":"fuerte-de-la-estrella","status":"publish","type":"page","link":"https:\/\/turismo.segorbe.es\/ca\/patrimonio\/monumentos\/fuerte-de-la-estrella\/","title":{"rendered":"Castell de l\u2019Estrella,  Or\u00edgens de Segorbe"},"content":{"rendered":"","protected":false},"excerpt":{"rendered":"","protected":false},"author":1,"featured_media":0,"parent":2746,"menu_order":1,"comment_status":"closed","ping_status":"closed","template":"","meta":{"_acf_changed":false,"footnotes":""},"class_list":["post-1802","page","type-page","status-publish","hentry"],"acf":{"contenido":[{"acf_fc_layout":"titulo","titulo_pequeno":true,"fondo":""},{"acf_fc_layout":"galeria","full":true,"imagenes":[1803,2948,2951,2954,2957,2960,2963],"fondo":""},{"acf_fc_layout":"texto","diseno":"peq","texto":"El puig de Sope\u00f1a va ser el centre de poder de l\u2019Alt Pal\u00e0ncia durant m\u00e9s de 1.000 anys, habitat \u00fanicament per reis i nobles, rodejat de murs gruixuts, torres de vigil\u00e0ncia i homes armats per a la seua defensa. El seu aspecte, hui en dia, no s\u2019assembla gens a la imatge idealitzada que ens n\u2019ha arribat a trav\u00e9s del retaule de l\u2019altar major de la catedral.\r\n\r\nJuntament amb les restes de l\u2019\u00faltima reconstrucci\u00f3, ja en el segle XIX, en plenes guerres carlines, s\u2019eleven sobre el seu cim molts pins ja carregats d\u2019anys, dedicats \u00fanicament a fer ombra a un meravell\u00f3s passeig que el recorre i que el\u00a0<span class=\"hiddenSuggestion\">converteix<\/span>\u00a0de nou en el lloc m\u00e9s privilegiat de\u00a0Segorbe, amb una difer\u00e8ncia substancial sobre altres \u00e8poques:\u00a0esta\u00a0vegada ja no hi ha reis ni nobles temorosos del seu dest\u00ed, sin\u00f3 ciutadans de peu a la recerca de les car\u00edcies del vent a la primavera; o de l\u2019ombra que sempre somriu a l\u2019estiu; o del so que el pas lent\u00a0<span class=\"hiddenSuggestion\">produeix<\/span>\u00a0sobre les fulles de la tardor; o fins i tot de la soledat del silenci dels hiverns.\r\n\r\nLes troballes arqueol\u00f2giques m\u00e9s antigues daten del\u00a01500\u00a0aC amb els primers assentaments humans al puig de Sope\u00f1a, si b\u00e9 no hi ha refer\u00e8ncies escrites d\u2019esta\u00a0ocupaci\u00f3 fins al segle VIII, ja amb la dominaci\u00f3 \u00e0rab, i se suposa que en \u00e8poques anteriors a\u00a0estos, i atesa la seua situaci\u00f3 estrat\u00e8gica, ibers, romans i visigots es degueren encarregar de protegir\u00a0este\u00a0enclavament. La dominaci\u00f3 \u00e0rab va transformar per complet la ciutat, i fins als nostres dies s\u2019ha mantingut la disposici\u00f3 dels seus estrets i sinuosos carrers a l\u2019interior de la muralla.\r\n\r\nDurant el segle XI,\u00a0Segorbe\u00a0apareix com una aut\u00e8ntica ciutat emmurallada, i va estar en poder dels musulmans fins a la segona meitat del s. XIII.\r\n\r\nJaume I la incorpora a la Corona d\u2019Arag\u00f3 en 1245 despr\u00e9s d\u2019un pacte amb d\u2019<span class=\"hiddenSpellError\">Ab\u016b<\/span>\u00a0Sa\u2019\u012bd, antic rei moro de Val\u00e8ncia desterrat pel seu oponent\u00a0<span class=\"hiddenSpellError\">Zayan<\/span>, mitjan\u00e7ant el qual\u00a0<span class=\"hiddenSpellError\">Ab\u016b<\/span>\u00a0Sa\u2019\u012bd conserva\u00a0Segorbe\u00a0a canvi de la seua fidelitat a la corona.\r\n\r\nJa sota comandament cristi\u00e0,\u00a0Segorbe\u00a0va arribar a ser resid\u00e8ncia del rei d\u2019Arag\u00f3 Mart\u00ed l\u2019Hum\u00e0, casat amb Maria de\u00a0<span class=\"hiddenSpellError\">Luna<\/span>, senyora de\u00a0Segorbe. En el segle XV,\u00a0Segorbe\u00a0es\u00a0<span class=\"hiddenSuggestion\">converteix<\/span>\u00a0en ducat. El primer duc ser\u00e0 l\u2019infant Enric d\u2019Arag\u00f3 i de\u00a0<span class=\"hiddenSpellError\">Pimentel<\/span>, que passar\u00e0 a la hist\u00f2ria amb el nom d\u2019\u201cInfant Fortunes\u201d. En el segle XVI,\u00a0<span class=\"hiddenSpellError\">Alfonso<\/span>\u00a0d\u2019Arag\u00f3 i Sic\u00edlia, segon duc de\u00a0Segorbe, va manar construir el palau ducal a la pla\u00e7a de l\u2019Aigua Neta, on va traslladar la seua resid\u00e8ncia i va abandonar el castell per sempre.\r\n\r\nA partir d\u2019ac\u00ed el castell anir\u00e0 sent desmantellat per a fer servir les pedres dels seus murs en diverses construccions (catedral, hospital vell, etc.). El segle XVIII ser\u00e0 l\u2019\u00faltim que contemplar\u00e0 les restes de la seua esplendor. Durant les guerres carlines s\u2019hi\u00a0<span class=\"hiddenSuggestion\">construeix<\/span>\u00a0un fort les restes del qual es conserven hui en dia.","fondo":""}]},"_links":{"self":[{"href":"https:\/\/turismo.segorbe.es\/ca\/wp-json\/wp\/v2\/pages\/1802","targetHints":{"allow":["GET"]}}],"collection":[{"href":"https:\/\/turismo.segorbe.es\/ca\/wp-json\/wp\/v2\/pages"}],"about":[{"href":"https:\/\/turismo.segorbe.es\/ca\/wp-json\/wp\/v2\/types\/page"}],"author":[{"embeddable":true,"href":"https:\/\/turismo.segorbe.es\/ca\/wp-json\/wp\/v2\/users\/1"}],"replies":[{"embeddable":true,"href":"https:\/\/turismo.segorbe.es\/ca\/wp-json\/wp\/v2\/comments?post=1802"}],"version-history":[{"count":0,"href":"https:\/\/turismo.segorbe.es\/ca\/wp-json\/wp\/v2\/pages\/1802\/revisions"}],"up":[{"embeddable":true,"href":"https:\/\/turismo.segorbe.es\/ca\/wp-json\/wp\/v2\/pages\/2746"}],"wp:attachment":[{"href":"https:\/\/turismo.segorbe.es\/ca\/wp-json\/wp\/v2\/media?parent=1802"}],"curies":[{"name":"wp","href":"https:\/\/api.w.org\/{rel}","templated":true}]}}